{"id":1282,"date":"2023-03-22T13:10:15","date_gmt":"2023-03-22T13:10:15","guid":{"rendered":"https:\/\/jocumccl.com.br\/?page_id=1282"},"modified":"2026-03-11T14:29:53","modified_gmt":"2026-03-11T14:29:53","slug":"pastos-verdejantes","status":"publish","type":"page","link":"https:\/\/jocumccl.com.br\/en\/pastos-verdejantes\/","title":{"rendered":"Green Pastures"},"content":{"rendered":"\t\t<div data-elementor-type=\"wp-page\" data-elementor-id=\"1282\" class=\"elementor elementor-1282\" data-elementor-post-type=\"page\">\n\t\t\t\t\t\t<section class=\"elementor-section elementor-top-section elementor-element elementor-element-5416387d elementor-section-height-min-height elementor-section-boxed elementor-section-height-default elementor-section-items-middle\" data-id=\"5416387d\" data-element_type=\"section\" data-e-type=\"section\" data-settings=\"{&quot;background_background&quot;:&quot;classic&quot;,&quot;mdp_selection_sticky_effect_enable&quot;:false}\">\n\t\t\t\t\t\t\t<div class=\"elementor-background-overlay\"><\/div>\n\t\t\t\t\t\t\t<div class=\"elementor-container elementor-column-gap-default\">\n\t\t\t\t\t<div class=\"elementor-column elementor-col-100 elementor-top-column elementor-element elementor-element-65d79bd3\" data-id=\"65d79bd3\" data-element_type=\"column\" data-e-type=\"column\" data-settings=\"{&quot;background_background&quot;:&quot;classic&quot;,&quot;mdp_selection_sticky_column_effect_enable&quot;:false}\">\n\t\t\t<div class=\"elementor-widget-wrap elementor-element-populated\">\n\t\t\t\t\t\t<article class=\"elementor-section elementor-inner-section elementor-element elementor-element-7f4aafd9 elementor-section-boxed elementor-section-height-default elementor-section-height-default\" data-id=\"7f4aafd9\" data-element_type=\"section\" data-e-type=\"section\" data-settings=\"{&quot;background_background&quot;:&quot;classic&quot;,&quot;mdp_selection_sticky_effect_enable&quot;:false}\">\n\t\t\t\t\t\t<div class=\"elementor-container elementor-column-gap-default\">\n\t\t\t\t\t<div class=\"elementor-column elementor-col-100 elementor-inner-column elementor-element elementor-element-f8ac12e\" data-id=\"f8ac12e\" data-element_type=\"column\" data-e-type=\"column\" data-settings=\"{&quot;mdp_selection_sticky_column_effect_enable&quot;:false}\">\n\t\t\t<div class=\"elementor-widget-wrap elementor-element-populated\">\n\t\t\t\t\t\t<div class=\"elementor-element elementor-element-9f42916 elementor-widget__width-initial e-transform elementor-invisible elementor-widget elementor-widget-heading\" data-id=\"9f42916\" data-element_type=\"widget\" data-e-type=\"widget\" data-settings=\"{&quot;_animation&quot;:&quot;headShake&quot;,&quot;motion_fx_motion_fx_scrolling&quot;:&quot;yes&quot;,&quot;motion_fx_opacity_effect&quot;:&quot;yes&quot;,&quot;motion_fx_opacity_range&quot;:{&quot;unit&quot;:&quot;%&quot;,&quot;size&quot;:&quot;&quot;,&quot;sizes&quot;:{&quot;start&quot;:20,&quot;end&quot;:52}},&quot;motion_fx_motion_fx_mouse&quot;:&quot;yes&quot;,&quot;_transform_scale_effect_hover&quot;:{&quot;unit&quot;:&quot;px&quot;,&quot;size&quot;:1.1999999999999999555910790149937383830547332763671875,&quot;sizes&quot;:[]},&quot;motion_fx_opacity_direction&quot;:&quot;out-in&quot;,&quot;motion_fx_opacity_level&quot;:{&quot;unit&quot;:&quot;px&quot;,&quot;size&quot;:10,&quot;sizes&quot;:[]},&quot;motion_fx_devices&quot;:[&quot;desktop&quot;,&quot;tablet&quot;,&quot;mobile&quot;],&quot;_transform_scale_effect_hover_tablet&quot;:{&quot;unit&quot;:&quot;px&quot;,&quot;size&quot;:&quot;&quot;,&quot;sizes&quot;:[]},&quot;_transform_scale_effect_hover_mobile&quot;:{&quot;unit&quot;:&quot;px&quot;,&quot;size&quot;:&quot;&quot;,&quot;sizes&quot;:[]}}\" data-widget_type=\"heading.default\">\n\t\t\t\t<div class=\"elementor-widget-container\">\n\t\t\t\t\t<h3 class=\"elementor-heading-title elementor-size-default\">pastos verdejantes<\/h3>\t\t\t\t<\/div>\n\t\t\t\t<\/div>\n\t\t\t\t\t<\/div>\n\t\t<\/div>\n\t\t\t\t\t<\/div>\n\t\t<\/article>\n\t\t\t\t\t<\/div>\n\t\t<\/div>\n\t\t\t\t\t<\/div>\n\t\t<\/section>\n\t\t\t\t<section class=\"elementor-section elementor-top-section elementor-element elementor-element-4bf5f994 elementor-section-boxed elementor-section-height-default elementor-section-height-default\" data-id=\"4bf5f994\" data-element_type=\"section\" data-e-type=\"section\" data-settings=\"{&quot;background_background&quot;:&quot;classic&quot;,&quot;mdp_selection_sticky_effect_enable&quot;:false}\">\n\t\t\t\t\t\t<div class=\"elementor-container elementor-column-gap-default\">\n\t\t\t\t\t<div class=\"elementor-column elementor-col-100 elementor-top-column elementor-element elementor-element-116f91b9\" data-id=\"116f91b9\" data-element_type=\"column\" data-e-type=\"column\" data-settings=\"{&quot;mdp_selection_sticky_column_effect_enable&quot;:false}\">\n\t\t\t<div class=\"elementor-widget-wrap elementor-element-populated\">\n\t\t\t\t\t\t<div class=\"elementor-element elementor-element-ab1b90f elementor-widget elementor-widget-heading\" data-id=\"ab1b90f\" data-element_type=\"widget\" data-e-type=\"widget\" data-widget_type=\"heading.default\">\n\t\t\t\t<div class=\"elementor-widget-container\">\n\t\t\t\t\t<h2 class=\"elementor-heading-title elementor-size-default\">Seminario pastoral<\/h2>\t\t\t\t<\/div>\n\t\t\t\t<\/div>\n\t\t\t\t<section class=\"elementor-section elementor-inner-section elementor-element elementor-element-3962e94e elementor-section-boxed elementor-section-height-default elementor-section-height-default\" data-id=\"3962e94e\" data-element_type=\"section\" data-e-type=\"section\" data-settings=\"{&quot;mdp_selection_sticky_effect_enable&quot;:false}\">\n\t\t\t\t\t\t<div class=\"elementor-container elementor-column-gap-default\">\n\t\t\t\t\t<div class=\"elementor-column elementor-col-100 elementor-inner-column elementor-element elementor-element-75257672\" data-id=\"75257672\" data-element_type=\"column\" data-e-type=\"column\" data-settings=\"{&quot;mdp_selection_sticky_column_effect_enable&quot;:false}\">\n\t\t\t<div class=\"elementor-widget-wrap elementor-element-populated\">\n\t\t\t\t\t\t<div class=\"elementor-element elementor-element-28b4f360 elementor-widget elementor-widget-heading\" data-id=\"28b4f360\" data-element_type=\"widget\" data-e-type=\"widget\" data-widget_type=\"heading.default\">\n\t\t\t\t<div class=\"elementor-widget-container\">\n\t\t\t\t\t<h2 class=\"elementor-heading-title elementor-size-default\">REFRIG\u00c9RIO E <BR>COMUNH\u00c3O COM DEUS<\/h2>\t\t\t\t<\/div>\n\t\t\t\t<\/div>\n\t\t\t\t\t<\/div>\n\t\t<\/div>\n\t\t\t\t\t<\/div>\n\t\t<\/section>\n\t\t\t\t<div class=\"elementor-element elementor-element-e283575 elementor-widget elementor-widget-spacer\" data-id=\"e283575\" data-element_type=\"widget\" data-e-type=\"widget\" data-widget_type=\"spacer.default\">\n\t\t\t\t<div class=\"elementor-widget-container\">\n\t\t\t\t\t\t\t<div class=\"elementor-spacer\">\n\t\t\t<div class=\"elementor-spacer-inner\"><\/div>\n\t\t<\/div>\n\t\t\t\t\t\t<\/div>\n\t\t\t\t<\/div>\n\t\t\t\t\t<\/div>\n\t\t<\/div>\n\t\t\t\t\t<\/div>\n\t\t<\/section>\n\t\t\t\t<section class=\"elementor-section elementor-top-section elementor-element elementor-element-6b21d751 elementor-section-boxed elementor-section-height-default elementor-section-height-default\" data-id=\"6b21d751\" data-element_type=\"section\" data-e-type=\"section\" data-settings=\"{&quot;background_background&quot;:&quot;classic&quot;,&quot;mdp_selection_sticky_effect_enable&quot;:false}\">\n\t\t\t\t\t\t<div class=\"elementor-container elementor-column-gap-default\">\n\t\t\t\t\t<div class=\"elementor-column elementor-col-100 elementor-top-column elementor-element elementor-element-7dd6dd20\" data-id=\"7dd6dd20\" data-element_type=\"column\" data-e-type=\"column\" data-settings=\"{&quot;mdp_selection_sticky_column_effect_enable&quot;:false}\">\n\t\t\t<div class=\"elementor-widget-wrap elementor-element-populated\">\n\t\t\t\t\t\t<div class=\"elementor-element elementor-element-89cd831 elementor-widget elementor-widget-heading\" data-id=\"89cd831\" data-element_type=\"widget\" data-e-type=\"widget\" data-widget_type=\"heading.default\">\n\t\t\t\t<div class=\"elementor-widget-container\">\n\t\t\t\t\t<h4 class=\"elementor-heading-title elementor-size-large\">01 \u00e0 06 de Junho <\/h4>\t\t\t\t<\/div>\n\t\t\t\t<\/div>\n\t\t\t\t<div class=\"elementor-element elementor-element-212e3068 elementor-widget elementor-widget-text-editor\" data-id=\"212e3068\" data-element_type=\"widget\" data-e-type=\"widget\" data-widget_type=\"text-editor.default\">\n\t\t\t\t<div class=\"elementor-widget-container\">\n\t\t\t\t\t\t\t\t\t<p>O semin\u00e1rio <b>&#8220;Pastos Verdejantes&#8221;<\/b>, \u00e9 voltado exclusivamente para pastores(as) e ministros da palavra de tempo integral.<br \/>Ser\u00e3o dias de <i>descanso e renovo<\/i> na nossa base Jocum CCL, um ambiente de liberdade para compartilharmos experi\u00eancias e buscarmos juntos o <i>refrig\u00e9rio do Senhor<\/i>.<\/p><p><strong>ATEN\u00c7\u00c3O: vagas limitadas!<\/strong><\/p><p><b>Jim Stier<\/b> &#8211; fundador da JOCUM Brasil &#8211; ser\u00e1 o facilitador de um tempo precioso para a turma, com din\u00e2micas, ensinos e com foco na Palavra Viva de Deus. Buscando o direcionamento do Esp\u00edrito Santo, que ser\u00e1 o nosso guia.<\/p>\t\t\t\t\t\t\t\t<\/div>\n\t\t\t\t<\/div>\n\t\t\t\t<div class=\"elementor-element elementor-element-78de5382 elementor-widget elementor-widget-heading\" data-id=\"78de5382\" data-element_type=\"widget\" data-e-type=\"widget\" data-widget_type=\"heading.default\">\n\t\t\t\t<div class=\"elementor-widget-container\">\n\t\t\t\t\t<h2 class=\"elementor-heading-title elementor-size-default\">Venha desfrutar de verdes pastos <br>e ser guiado pelo bom pastor.<\/h2>\t\t\t\t<\/div>\n\t\t\t\t<\/div>\n\t\t\t\t<div class=\"elementor-element elementor-element-2d781ec1 elementor-widget-divider--view-line elementor-widget elementor-widget-divider\" data-id=\"2d781ec1\" data-element_type=\"widget\" data-e-type=\"widget\" data-widget_type=\"divider.default\">\n\t\t\t\t<div class=\"elementor-widget-container\">\n\t\t\t\t\t\t\t<div class=\"elementor-divider\">\n\t\t\t<span class=\"elementor-divider-separator\">\n\t\t\t\t\t\t<\/span>\n\t\t<\/div>\n\t\t\t\t\t\t<\/div>\n\t\t\t\t<\/div>\n\t\t\t\t<section class=\"elementor-section elementor-inner-section elementor-element elementor-element-6892a590 elementor-section-boxed elementor-section-height-default elementor-section-height-default\" data-id=\"6892a590\" data-element_type=\"section\" data-e-type=\"section\" data-settings=\"{&quot;background_background&quot;:&quot;classic&quot;,&quot;mdp_selection_sticky_effect_enable&quot;:false}\">\n\t\t\t\t\t\t<div class=\"elementor-container elementor-column-gap-default\">\n\t\t\t\t\t<div class=\"elementor-column elementor-col-50 elementor-inner-column elementor-element elementor-element-492a7bfa\" data-id=\"492a7bfa\" data-element_type=\"column\" data-e-type=\"column\" data-settings=\"{&quot;mdp_selection_sticky_column_effect_enable&quot;:false}\">\n\t\t\t<div class=\"elementor-widget-wrap elementor-element-populated\">\n\t\t\t\t\t\t<div class=\"elementor-element elementor-element-67b0e49 elementor-widget elementor-widget-image\" data-id=\"67b0e49\" data-element_type=\"widget\" data-e-type=\"widget\" data-widget_type=\"image.default\">\n\t\t\t\t<div class=\"elementor-widget-container\">\n\t\t\t\t\t\t\t\t\t\t\t\t\t\t\t<img fetchpriority=\"high\" decoding=\"async\" width=\"800\" height=\"530\" src=\"https:\/\/jocumccl.com.br\/wp-content\/uploads\/2023\/03\/RBX_6459_Original-1024x678.jpg\" class=\"attachment-large size-large wp-image-1299\" alt=\"\" srcset=\"https:\/\/jocumccl.com.br\/wp-content\/uploads\/2023\/03\/RBX_6459_Original-1024x678.jpg 1024w, https:\/\/jocumccl.com.br\/wp-content\/uploads\/2023\/03\/RBX_6459_Original-300x199.jpg 300w, https:\/\/jocumccl.com.br\/wp-content\/uploads\/2023\/03\/RBX_6459_Original-768x509.jpg 768w, https:\/\/jocumccl.com.br\/wp-content\/uploads\/2023\/03\/RBX_6459_Original-1536x1017.jpg 1536w, https:\/\/jocumccl.com.br\/wp-content\/uploads\/2023\/03\/RBX_6459_Original-2048x1357.jpg 2048w\" sizes=\"(max-width: 800px) 100vw, 800px\" \/>\t\t\t\t\t\t\t\t\t\t\t\t\t\t\t<\/div>\n\t\t\t\t<\/div>\n\t\t\t\t\t<\/div>\n\t\t<\/div>\n\t\t\t\t<div class=\"elementor-column elementor-col-50 elementor-inner-column elementor-element elementor-element-fca71a8\" data-id=\"fca71a8\" data-element_type=\"column\" data-e-type=\"column\" data-settings=\"{&quot;mdp_selection_sticky_column_effect_enable&quot;:false}\">\n\t\t\t<div class=\"elementor-widget-wrap elementor-element-populated\">\n\t\t\t\t\t\t<div class=\"elementor-element elementor-element-5d80b4a elementor-widget elementor-widget-image-box\" data-id=\"5d80b4a\" data-element_type=\"widget\" data-e-type=\"widget\" data-widget_type=\"image-box.default\">\n\t\t\t\t<div class=\"elementor-widget-container\">\n\t\t\t\t\t<div class=\"elementor-image-box-wrapper\"><div class=\"elementor-image-box-content\"><h4 class=\"elementor-image-box-title\">Jim Stier<\/h4><p class=\"elementor-image-box-description\">James Robert Stier, ou Jim Stier, \u00e9  norte- americano, casado com Pamela e pai de 5 filhos. <br><br>Fundador da JOCUM Brasil, h\u00e1 mais de 40 anos atr\u00e1s. <br> <br>Atualmente mora em Piraquara, Paran\u00e1, com sua esposa, sendo um anci\u00e3o da base da JOCUM CCL - Centro de Capacita\u00e7\u00e3o de Lideres - treinando e mentoriando jovens mission\u00e1rios pelo mundo. <\/p><\/div><\/div>\t\t\t\t<\/div>\n\t\t\t\t<\/div>\n\t\t\t\t\t<\/div>\n\t\t<\/div>\n\t\t\t\t\t<\/div>\n\t\t<\/section>\n\t\t\t\t<section class=\"elementor-section elementor-inner-section elementor-element elementor-element-1b8cc86c elementor-section-boxed elementor-section-height-default elementor-section-height-default\" data-id=\"1b8cc86c\" data-element_type=\"section\" data-e-type=\"section\" data-settings=\"{&quot;mdp_selection_sticky_effect_enable&quot;:false}\">\n\t\t\t\t\t\t<div class=\"elementor-container elementor-column-gap-default\">\n\t\t\t\t\t<div class=\"elementor-column elementor-col-100 elementor-inner-column elementor-element elementor-element-52dc6c7f\" data-id=\"52dc6c7f\" data-element_type=\"column\" data-e-type=\"column\" data-settings=\"{&quot;mdp_selection_sticky_column_effect_enable&quot;:false}\">\n\t\t\t<div class=\"elementor-widget-wrap elementor-element-populated\">\n\t\t\t\t\t\t<div class=\"elementor-element elementor-element-4ac2857e elementor-widget elementor-widget-toggle\" data-id=\"4ac2857e\" data-element_type=\"widget\" data-e-type=\"widget\" data-widget_type=\"toggle.default\">\n\t\t\t\t<div class=\"elementor-widget-container\">\n\t\t\t\t\t\t\t<div class=\"elementor-toggle\">\n\t\t\t\t\t\t\t<div class=\"elementor-toggle-item\">\n\t\t\t\t\t<div id=\"elementor-tab-title-1251\" class=\"elementor-tab-title\" data-tab=\"1\" role=\"button\" aria-controls=\"elementor-tab-content-1251\" aria-expanded=\"false\">\n\t\t\t\t\t\t\t\t\t\t\t\t<span class=\"elementor-toggle-icon elementor-toggle-icon-left\" aria-hidden=\"true\">\n\t\t\t\t\t\t\t\t\t\t\t\t\t\t\t<span class=\"elementor-toggle-icon-closed\"><i class=\"fas fa-caret-right\"><\/i><\/span>\n\t\t\t\t\t\t\t\t<span class=\"elementor-toggle-icon-opened\"><i class=\"elementor-toggle-icon-opened fas fa-caret-up\"><\/i><\/span>\n\t\t\t\t\t\t\t\t\t\t\t\t\t<\/span>\n\t\t\t\t\t\t\t\t\t\t\t\t<a class=\"elementor-toggle-title\" tabindex=\"0\">INVESTIMENTO<\/a>\n\t\t\t\t\t<\/div>\n\n\t\t\t\t\t<div id=\"elementor-tab-content-1251\" class=\"elementor-tab-content elementor-clearfix\" data-tab=\"1\" role=\"region\" aria-labelledby=\"elementor-tab-title-1251\"><p style=\"font-weight: 400;\"><strong>INSCRI\u00c7\u00c3O INDIVIDUAL: <\/strong><\/p><p style=\"font-weight: 400;\"><strong>Taxa de inscri\u00e7\u00e3o<\/strong> no valor de <strong>R$ 200,00<\/strong>, que dever\u00e1 ser paga assim que a sua aprova\u00e7\u00e3o chegar at\u00e9 voc\u00ea.<\/p><p style=\"font-weight: 400;\"><strong>Valor do semin\u00e1rio:<\/strong> <strong>R$ 1.300,00.<\/strong> Este valor dever\u00e1 ser pago at\u00e9 a data da sua chegada.<\/p><p style=\"font-weight: 400;\"><strong> INSCRI\u00c7\u00c3O PARA CASAL:<\/strong><\/p><p style=\"font-weight: 400;\"><strong> Taxa de inscri\u00e7\u00e3o<\/strong> no valor de <strong>R$ 400,00<\/strong>, que dever\u00e1 ser paga assim que a sua aprova\u00e7\u00e3o chegar at\u00e9 voc\u00ea.<\/p><p><strong style=\"font-weight: 400;\">Valor do semin\u00e1rio: R$ 2.450,00,<\/strong>\u00a0Sendo assim da um total final de\u00a0<span style=\"font-family: var( --e-global-typography-text-font-family ), Sans-serif; font-size: var( --e-global-typography-text-font-size );\"><b>R$ 2.850,00.\u00a0<\/b><\/span><span style=\"font-family: var( --e-global-typography-text-font-family ), Sans-serif; font-size: var( --e-global-typography-text-font-size );\">Este valor dever\u00e1 ser pago at\u00e9 a data da sua chegada<\/span><\/p><p><b>CRIAN\u00c7AS:<\/b><\/p><p>5 a 10 anos &#8211; <b>R$ 270,00<\/b><\/p><p><span style=\"font-family: var( --e-global-typography-text-font-family ), Sans-serif; font-size: var( --e-global-typography-text-font-size );\">11 a 15 anos &#8211; <\/span><b style=\"font-family: var( --e-global-typography-text-font-family ), Sans-serif; font-size: var( --e-global-typography-text-font-size );\">R$375,00<\/b><\/p><p style=\"font-weight: 400;\">*O valor do semin\u00e1rio inclui hospedagem, alimenta\u00e7\u00e3o, internet e programa\u00e7\u00f5es.<\/p><p style=\"font-weight: 400;\"><strong> FORMAS DE PAGAMENTO<\/strong><\/p><ul><li style=\"font-weight: 400;\">Ao realizar a sua inscri\u00e7\u00e3o voc\u00ea ter\u00e1 acesso ao link de pagamento do valor referente \u00e0 inscri\u00e7\u00e3o, este passo \u00e9 obrigat\u00f3rio para a confirma\u00e7\u00e3o da vaga do participante e o pagamento deve ser \u00e0 vista;<\/li><li style=\"font-weight: 400;\">Ao efetivar o pagamento da inscri\u00e7\u00e3o voc\u00ea receber\u00e1 o link para efetivar o pagamento do valor da campanha, neste link \u00e9 poss\u00edvel realizar o pagamento por meio de Pix (\u00e0 vista), Boleto (\u00e0 vista) ou Cart\u00e3o de Cr\u00e9dito (em at\u00e9 10x);<\/li><li style=\"font-weight: 400;\">Sem desconto para pagamentos \u00e0 vista;<\/li><li style=\"font-weight: 400;\">N\u00e3o possui reembolso de nenhum valor pago;<\/li><li style=\"font-weight: 400;\">O participante deve iniciar o semin\u00e1rio com 100% dos custos quitados.<\/li><\/ul><p><strong>MAIS INFORMA\u00c7\u00d5ES<\/strong><\/p><p><strong> CONTATO:<\/strong> +55 41 99906-5504 \u2013 Andr\u00e9 Rabelo<\/p><p><strong>E-mail:<\/strong> andrerabelo.staff@gmail.com<\/p><\/div>\n\t\t\t\t<\/div>\n\t\t\t\t\t\t\t<div class=\"elementor-toggle-item\">\n\t\t\t\t\t<div id=\"elementor-tab-title-1252\" class=\"elementor-tab-title\" data-tab=\"2\" role=\"button\" aria-controls=\"elementor-tab-content-1252\" aria-expanded=\"false\">\n\t\t\t\t\t\t\t\t\t\t\t\t<span class=\"elementor-toggle-icon elementor-toggle-icon-left\" aria-hidden=\"true\">\n\t\t\t\t\t\t\t\t\t\t\t\t\t\t\t<span class=\"elementor-toggle-icon-closed\"><i class=\"fas fa-caret-right\"><\/i><\/span>\n\t\t\t\t\t\t\t\t<span class=\"elementor-toggle-icon-opened\"><i class=\"elementor-toggle-icon-opened fas fa-caret-up\"><\/i><\/span>\n\t\t\t\t\t\t\t\t\t\t\t\t\t<\/span>\n\t\t\t\t\t\t\t\t\t\t\t\t<a class=\"elementor-toggle-title\" tabindex=\"0\">O QUE TRAZER<\/a>\n\t\t\t\t\t<\/div>\n\n\t\t\t\t\t<div id=\"elementor-tab-content-1252\" class=\"elementor-tab-content elementor-clearfix\" data-tab=\"2\" role=\"region\" aria-labelledby=\"elementor-tab-title-1252\"><ul><li>B\u00edblia;<\/li><li>Roupas de frio, agasalho, moletom, etc;<\/li><li>Roupas confort\u00e1veis;<\/li><li>Toalha de banho;<\/li><li>Material de higiene pessoal;<\/li><li>Cadernos, canetas e l\u00e1pis;<\/li><li>Notebook, iPad, music player, instrumento musical (voc\u00ea \u00e9 respons\u00e1vel pela seguran\u00e7a de seus objetos pessoais dentro da base);<\/li><li>Mochila ou Mala<\/li><\/ul><\/div>\n\t\t\t\t<\/div>\n\t\t\t\t\t\t\t<div class=\"elementor-toggle-item\">\n\t\t\t\t\t<div id=\"elementor-tab-title-1253\" class=\"elementor-tab-title\" data-tab=\"3\" role=\"button\" aria-controls=\"elementor-tab-content-1253\" aria-expanded=\"false\">\n\t\t\t\t\t\t\t\t\t\t\t\t<span class=\"elementor-toggle-icon elementor-toggle-icon-left\" aria-hidden=\"true\">\n\t\t\t\t\t\t\t\t\t\t\t\t\t\t\t<span class=\"elementor-toggle-icon-closed\"><i class=\"fas fa-caret-right\"><\/i><\/span>\n\t\t\t\t\t\t\t\t<span class=\"elementor-toggle-icon-opened\"><i class=\"elementor-toggle-icon-opened fas fa-caret-up\"><\/i><\/span>\n\t\t\t\t\t\t\t\t\t\t\t\t\t<\/span>\n\t\t\t\t\t\t\t\t\t\t\t\t<a class=\"elementor-toggle-title\" tabindex=\"0\">INFORMA\u00c7\u00d5ES \u00daTEIS<\/a>\n\t\t\t\t\t<\/div>\n\n\t\t\t\t\t<div id=\"elementor-tab-content-1253\" class=\"elementor-tab-content elementor-clearfix\" data-tab=\"3\" role=\"region\" aria-labelledby=\"elementor-tab-title-1253\"><p><strong>BAGAGEM<\/strong> <br \/>Por favor verifique com sua empresa a\u00e9rea ou sobre limita\u00e7\u00f5es de bagagem antes de fazer as malas. Trazer somente o essencial pois o espa\u00e7o de armazenamento \u00e9 limitado nos quartos.<\/p><p><strong>LAVANDERIA<\/strong> <br \/>Disponibilizamos uma lavanderia comunit\u00e1ria, que \u00e9 utilizada por toda a comunidade; para o uso \u00e9 gerado um custo de R$ 4,00 para lavadora e R$ 7,00 para secadora, o uso \u00e9 opcional pois temos tanques e varais tamb\u00e9m.<\/p><p><strong>CLIMA<\/strong> <br \/>Curitiba localiza-se em um planalto, e o <br \/>terreno plano com \u00e1reas inundadas contribuem para o seu inverno ameno e \u00famido com temperatura m\u00e9dia de 13 \u00b0C no m\u00eas mais frio, caindo por vezes abaixo de 2 \u00b0C em dias mais frios. Portanto previna-se trazendo cobertor. Durante o ver\u00e3o, a temperatura m\u00e9dia \u00e9 em torno de 21 \u00b0C, mas pode subir acima de 30 \u00b0C em dias mais quentes.<\/p><p><strong>ACOMODA\u00c7\u00d5ES<\/strong> <br \/>Alojamentos na Jocum CCL s\u00e3o divididos da seguinte forma; todos os estudantes solteiros s\u00e3o alojados nos quartos com cinco at\u00e9 12 pessoas lembrando que os mesmos devem ser conscientes de limpar seu espa\u00e7o pessoal e habita\u00e7\u00e3o comum, s\u00e3o dois banheiros de uso comum. Fam\u00edlias e casais s\u00e3o alojados em apartamento com sala e cozinha comum sendo privado o dormit\u00f3rio e o banheiro, os apartamentos s\u00e3o equipados com geladeira, fog\u00e3o e espa\u00e7o limitado para armazenamento; a limpeza e ordem \u00e9 de responsabilidade dos usu\u00e1rios.<\/p><p><strong>ENERGIA<\/strong> <br \/>\u00c9 muito importante observar a voltagem de seus eletros pessoais caso voc\u00ea traga, pois, nossa voltagem aqui \u00e9 110V. Outro ponto importante, temos uma limita\u00e7\u00e3o quanto ao uso de eletr\u00f4nicos com resist\u00eancia como (chapinha, secador, micro-ondas, etc.) nos hor\u00e1rios entre 18:00hr e 21:00hr \u00e9 proibido o uso.<\/p><p><strong>TRANSPORTE<\/strong> <br \/>Nossa localidade \u00e9 na regi\u00e3o de ch\u00e1caras de Piraquara que faz parte da grande Curitiba, o transporte \u00e9 feito basicamente por carro, sendo poss\u00edvel a utiliza\u00e7\u00e3o de Uber, \u00d4nibus urbano (ponto fica \u00e0 20 min de caminhada) ou carro da base condicional a disponibilidade de hor\u00e1rios por conta do uso nos trabalhos, e tamb\u00e9m mediante a um custo vari\u00e1vel.<\/p><p><strong>CORRESPOND\u00caNCIAS<\/strong> <br \/>Caso voc\u00ea precise enviar ou receber correspond\u00eancias nesse tempo utilizamos caixa postal, de uma \u00e0 duas vezes por semana obreiros estar\u00e3o verificando a mesma e trazendo as correspond\u00eancias; segue os dados:<\/p><p>A\/C Piraquara \u2013 Av. Get\u00falio Vargas, 678 <br \/>Piraquara \u2013 PR \/ CEP 83.301-970 Cx. Postal 43<\/p><p><strong>COMIDA<\/strong> <br \/>Nossas refei\u00e7\u00f5es s\u00e3o servidas em estilo buffet. Tr\u00eas refei\u00e7\u00f5es di\u00e1rias; caf\u00e9, almo\u00e7o e janta.<\/p><p><strong>IGREJA<\/strong> <br \/>Domingo \u00e9 dia de igreja, somos encorajados a estar junto \u00e0 igreja local fazendo parte da comunidade.<\/p><\/div>\n\t\t\t\t<\/div>\n\t\t\t\t\t\t\t\t<\/div>\n\t\t\t\t\t\t<\/div>\n\t\t\t\t<\/div>\n\t\t\t\t\t<\/div>\n\t\t<\/div>\n\t\t\t\t\t<\/div>\n\t\t<\/section>\n\t\t\t\t<div class=\"elementor-element elementor-element-2db8a955 elementor-widget-divider--view-line elementor-widget elementor-widget-divider\" data-id=\"2db8a955\" data-element_type=\"widget\" data-e-type=\"widget\" data-widget_type=\"divider.default\">\n\t\t\t\t<div class=\"elementor-widget-container\">\n\t\t\t\t\t\t\t<div class=\"elementor-divider\">\n\t\t\t<span class=\"elementor-divider-separator\">\n\t\t\t\t\t\t<\/span>\n\t\t<\/div>\n\t\t\t\t\t\t<\/div>\n\t\t\t\t<\/div>\n\t\t\t\t<div class=\"elementor-element elementor-element-68fab40 elementor-align-center elementor-widget elementor-widget-button\" data-id=\"68fab40\" data-element_type=\"widget\" data-e-type=\"widget\" data-widget_type=\"button.default\">\n\t\t\t\t<div class=\"elementor-widget-container\">\n\t\t\t\t\t\t\t\t\t<div class=\"elementor-button-wrapper\">\n\t\t\t\t\t<a class=\"elementor-button elementor-button-link elementor-size-sm\" href=\"https:\/\/forms.gle\/GfmMR75KQddZA5cg9\" target=\"_blank\" rel=\"noopener\">\n\t\t\t\t\t\t<span class=\"elementor-button-content-wrapper\">\n\t\t\t\t\t\t\t\t\t<span class=\"elementor-button-text\">Inscreva-se <\/span>\n\t\t\t\t\t<\/span>\n\t\t\t\t\t<\/a>\n\t\t\t\t<\/div>\n\t\t\t\t\t\t\t\t<\/div>\n\t\t\t\t<\/div>\n\t\t\t\t\t<\/div>\n\t\t<\/div>\n\t\t\t\t\t<\/div>\n\t\t<\/section>\n\t\t\t\t<\/div>\n\t\t","protected":false},"excerpt":{"rendered":"<p>pastos verdejantes Seminario pastoral REFRIG\u00c9RIO E COMUNH\u00c3O COM DEUS 01 \u00e0 06 de Junho O semin\u00e1rio &#8220;Pastos Verdejantes&#8221;, \u00e9 voltado exclusivamente para pastores(as) e ministros da palavra de tempo integral.Ser\u00e3o dias de descanso e renovo na nossa base Jocum CCL, um ambiente de liberdade para compartilharmos experi\u00eancias e buscarmos juntos o refrig\u00e9rio do Senhor. ATEN\u00c7\u00c3O: [&hellip;]<\/p>\n","protected":false},"author":2,"featured_media":0,"parent":0,"menu_order":0,"comment_status":"closed","ping_status":"closed","template":"elementor_header_footer","meta":{"footnotes":""},"class_list":["post-1282","page","type-page","status-publish","hentry"],"_links":{"self":[{"href":"https:\/\/jocumccl.com.br\/en\/wp-json\/wp\/v2\/pages\/1282","targetHints":{"allow":["GET"]}}],"collection":[{"href":"https:\/\/jocumccl.com.br\/en\/wp-json\/wp\/v2\/pages"}],"about":[{"href":"https:\/\/jocumccl.com.br\/en\/wp-json\/wp\/v2\/types\/page"}],"author":[{"embeddable":true,"href":"https:\/\/jocumccl.com.br\/en\/wp-json\/wp\/v2\/users\/2"}],"replies":[{"embeddable":true,"href":"https:\/\/jocumccl.com.br\/en\/wp-json\/wp\/v2\/comments?post=1282"}],"version-history":[{"count":0,"href":"https:\/\/jocumccl.com.br\/en\/wp-json\/wp\/v2\/pages\/1282\/revisions"}],"wp:attachment":[{"href":"https:\/\/jocumccl.com.br\/en\/wp-json\/wp\/v2\/media?parent=1282"}],"curies":[{"name":"wp","href":"https:\/\/api.w.org\/{rel}","templated":true}]}}